{"id":14131,"date":"2026-08-07T14:23:37","date_gmt":"2026-08-07T12:23:37","guid":{"rendered":"https:\/\/letmino.ai\/canal-de-denuncias\/"},"modified":"2026-08-28T14:38:01","modified_gmt":"2026-08-28T12:38:01","slug":"canal-de-denuncias","status":"publish","type":"page","link":"https:\/\/letmino.ai\/pt-br\/canal-de-denuncias\/","title":{"rendered":"Canal de denuncias"},"content":{"rendered":"\t\t<div data-elementor-type=\"wp-page\" data-elementor-id=\"14131\" class=\"elementor elementor-14131 elementor-12246\" data-elementor-post-type=\"page\">\n\t\t\t\t<div class=\"elementor-element elementor-element-367ef18 e-con e-atomic-element e-flexbox-base e-a302736 \" data-id=\"367ef18\" data-element_type=\"e-flexbox\" data-e-type=\"e-flexbox\" data-interaction-id=\"367ef18\" data-e-type=\"e-flexbox\" data-id=\"367ef18\">\n    <div class=\"elementor-element elementor-element-0c870ab e-con-full e-flex e-con e-child\" data-id=\"0c870ab\" data-element_type=\"container\" data-e-type=\"container\" data-settings=\"{&quot;background_background&quot;:&quot;classic&quot;}\">\n\t\t<div class=\"elementor-element elementor-element-41bd192 e-flex e-con-boxed e-con e-child\" data-id=\"41bd192\" data-element_type=\"container\" data-e-type=\"container\">\n\t\t\t\t\t<div class=\"e-con-inner\">\n\t\t<div class=\"elementor-element elementor-element-5362088 e-con-full e-flex e-con e-child\" data-id=\"5362088\" data-element_type=\"container\" data-e-type=\"container\">\n\t\t<div class=\"elementor-element elementor-element-a497440 e-con-full e-flex e-con e-child\" data-id=\"a497440\" data-element_type=\"container\" data-e-type=\"container\">\n\t\t\t\t<div class=\"elementor-element elementor-element-91e0d2c elementor-widget__width-initial elementor-widget elementor-widget-heading\" data-id=\"91e0d2c\" data-element_type=\"widget\" data-e-type=\"widget\" data-widget_type=\"heading.default\">\n\t\t\t\t\t<h1 class=\"elementor-heading-title elementor-size-default\">Canal de denuncias<\/h1>\t\t\t\t<\/div>\n\t\t\t\t<\/div>\n\t\t\t\t<\/div>\n\t\t\t\t\t<\/div>\n\t\t\t\t<\/div>\n\t\t\t\t<\/div>\n\t\t\n<\/div>\n<div class=\"elementor-element elementor-element-5dd398b e-con e-atomic-element e-flexbox-base e-1b8394c \" data-id=\"5dd398b\" data-element_type=\"e-flexbox\" data-e-type=\"e-flexbox\" data-interaction-id=\"5dd398b\" data-e-type=\"e-flexbox\" data-id=\"5dd398b\">\n    <div class=\"elementor-element elementor-element-df23023 e-flex e-con-boxed e-con e-parent\" data-id=\"df23023\" data-element_type=\"container\" data-e-type=\"container\">\n\t\t\t\t\t<div class=\"e-con-inner\">\n\t\t<div class=\"elementor-element elementor-element-5b8e8be e-con-full e-flex e-con e-child\" data-id=\"5b8e8be\" data-element_type=\"container\" data-e-type=\"container\">\n\t\t<div class=\"elementor-element elementor-element-1d361a6 e-con-full e-flex e-con e-child\" data-id=\"1d361a6\" data-element_type=\"container\" data-e-type=\"container\">\n\t\t<div class=\"elementor-element elementor-element-58b1c27 e-con-full e-flex e-con e-child\" data-id=\"58b1c27\" data-element_type=\"container\" data-e-type=\"container\">\n\t\t\t\t<div class=\"elementor-element elementor-element-f8cb10b elementor-widget__width-initial elementor-widget elementor-widget-text-editor\" data-id=\"f8cb10b\" data-element_type=\"widget\" data-e-type=\"widget\" data-widget_type=\"text-editor.default\">\n\t\t\t\t\t\t\t\t\t<h2><strong>INFORMACI\u00d3N AMPLIADA SOBRE PROTECCI\u00d3N DE DATOS.<\/strong><\/h2>\n<h2><strong>Reglamento (UE) 2016\/679 del 27 de abril 2016) (LOPD-GDD 3\/2018 de 5 de diciembre<\/strong><\/h2>\n<h2><strong>ACTIVIDAD DE TRATAMIENTO CANAL DE DENUNCIAS INTERNO<\/strong><\/h2>\n<h3><strong>\u00bfQui\u00e9n es el responsable del tratamiento de sus datos personales?<\/strong><\/h3>\n<p>Raz\u00f3n Social: ODILO TID S.L.<\/p>\n<p>CIF: B30856439<\/p>\n<p>Direcci\u00f3n Postal: AVDA. DE LUXEMBURGO SN. Centro Empresarial Cartagena Plaza 6\u00aa planta. 30353 Cartagena, Murcia, Espa\u00f1a<\/p>\n<p>Tel\u00e9fono: 968082080<\/p>\n<p>Email de contacto: empresa@odilo.us<\/p>\n<p>Contacto con nuestro delegado de protecci\u00f3n de datos o DPO: dpo@odilo.us<\/p>\n<h3><strong>\u00bfCon qu\u00e9 finalidad trataremos sus datos personales?<\/strong><\/h3>\n<p>Sus datos personales ser\u00e1n utilizados con la finalidad de gestionar el canal de denuncias internas que es un canal de comunicaci\u00f3n para que los empleados, proveedores, clientes u otros grupos tales como becarios, voluntarios, candidatos, accionistas, etc. puedan poner en conocimiento de la misma conductas que por acci\u00f3n u omisi\u00f3n que puedan constituir infracciones del Derecho de la Uni\u00f3n.<\/p>\n<h3><strong>\u00bfCu\u00e1l es la legitimaci\u00f3n para el tratamiento de sus datos personales?<\/strong><\/h3>\n<p>La base legal para el tratamiento de sus datos personales es por cumplimiento de una obligaci\u00f3n legal conforme al Art. 6.1.c) del RGPD en relaci\u00f3n con la Ley 2\/2023, de 20 de febrero, reguladora de la protecci\u00f3n de las personas que informen sobre infracciones normativas y de lucha contra la corrupci\u00f3n, al Art.\u00a0 8 de la Ley Org\u00e1nica 3\/2018, de 5 de diciembre y 11 de la Ley Org\u00e1nica 7\/2021, de 26 de mayo y 10 y 13 de la Ley 2\/2023, de 20 de febrero, reguladora de la protecci\u00f3n de las personas que informen sobre infracciones normativas y de lucha contra la corrupci\u00f3n.<\/p>\n<h3><strong>\u00bfPor cu\u00e1nto tiempo conservaremos sus datos personales?<\/strong><\/h3>\n<p>Sus datos personales ser\u00e1n conservados por un m\u00e1ximo de 3 meses de conformidad con el art. 32.4 de la Ley 2\/2023, de 20 de febrero, suprimi\u00e9ndolos o en su caso procediendo a su total anonimizaci\u00f3n en caso de conservaci\u00f3n para evidenciar el funcionamiento del sistema.<\/p>\n<h3><strong>\u00bfHay obligaci\u00f3n de facilitar esos datos personales?<\/strong><\/h3>\n<p>Los datos personales solicitados\/facilitados se consideran necesarios para el desarrollo de las investigaciones posteriores que requieran contacto con el denunciante.<\/p>\n<h3><strong>\u00bfCu\u00e1les son las consecuencias de no hacerlo?<\/strong><\/h3>\n<p>Carecer de datos de contacto dificulta el proceso de investigaci\u00f3n en caso de que sea necesaria m\u00e1s informaci\u00f3n facilitada por el denunciante an\u00f3nimo<\/p>\n<h3><strong>\u00bfCederemos sus datos personales?<\/strong><\/h3>\n<p>Tal como especifica la Ley 2\/2023, de 20 de febrero, reguladora de la protecci\u00f3n de las personas que informen sobre infracciones normativas y de lucha contra la corrupci\u00f3n,\u00a0<strong>su identidad ser\u00e1 en todo caso reservada, que no se comunicar\u00e1 a las personas a las que se refieren los hechos relatados ni a terceros.<\/strong><\/p>\n<p>Ser\u00e1 l\u00edcita su comunicaci\u00f3n a terceros, cuando resulte necesario para la adopci\u00f3n de medidas correctoras en la entidad o la tramitaci\u00f3n de los procedimientos sancionadores o penales que, en su caso, procedan.<\/p>\n<h3><strong>\u00bfQu\u00e9 derechos tiene cuando nos facilita sus datos personales?<\/strong><\/h3>\n<p>Derecho de\u00a0<strong>Acceso<\/strong>: Usted tiene derecho a saber si se est\u00e1n tratando sus datos y a recibir esa informaci\u00f3n por escrito a trav\u00e9s del medio solicitado.<\/p>\n<p>Derecho de\u00a0<strong>Rectificaci\u00f3n<\/strong>: Usted tiene derecho a solicitar la rectificaci\u00f3n de sus datos si estos fuesen inexactos o incompletos.<\/p>\n<p>Usted tiene derecho a solicitar la\u00a0<strong>supresi\u00f3n<\/strong>\u00a0de sus datos, sin embargo, deber\u00e1 tener en cuenta que el derecho de supresi\u00f3n queda limitado cuando exista obligaci\u00f3n legal de retenci\u00f3n o bloqueo de sus datos.<\/p>\n<p>En determinadas circunstancias, los interesados podr\u00e1n solicitar la\u00a0<strong>limitaci\u00f3n<\/strong>\u00a0del tratamiento de sus datos, en cuyo caso \u00fanicamente los conservaremos para el ejercicio o la defensa de reclamaciones, la protecci\u00f3n de terceros o por razones de inter\u00e9s p\u00fablico importante. No procede el\u00a0<strong>derecho de bloqueo<\/strong>\u00a0contemplado en el art. 32 de la LOPGDD 3\/2018, de 5 de diciembre, seg\u00fan se especifica en el art 32.4 de la Ley 2\/2023, de 20 de febrero.<\/p>\n<p>En determinadas circunstancias y por motivos relacionados con su situaci\u00f3n particular, Usted podr\u00e1\u00a0<strong>oponerse\u00a0<\/strong>al tratamiento de sus datos. El responsable dejar\u00e1 de tratar los datos, salvo por motivos leg\u00edtimos imperiosos, o el ejercicio o la defensa de posibles reclamaciones. No procede el derecho de oposici\u00f3n a los afectados de los hechos u omisiones informadas seg\u00fan el art. 31.4 de la Ley 2\/2023, de 20 de febrero<\/p>\n<p>Cuando el tratamiento de sus datos est\u00e9 basado en el consentimiento o sea necesario para la ejecuci\u00f3n de un contrato o precontrato y se efect\u00fae por medios automatizados, Usted tendr\u00e1 derecho a la\u00a0<strong>portabilidad<\/strong>\u00a0de sus datos, es decir, a que se le entreguen en formato estructurado, de uso com\u00fan y lectura mec\u00e1nica, incluso a remit\u00edrselos a un nuevo responsable.<\/p>\n<p>Cualquier interesado podr\u00e1\u00a0<strong><em>presentar una reclamaci\u00f3n\u00a0<\/em><\/strong>ante la Autoridad de Control competente en materia de Protecci\u00f3n de Datos, especialmente cuando no haya obtenido satisfacci\u00f3n en el ejercicio de sus derechos y la forma de ponerse en contacto con ella ser\u00eda dirigir un escrito a Agencia Espa\u00f1ola de Protecci\u00f3n de Datos Personales en C\/Jorge Juan n.\u00ba 6, 28001 Madrid o a trav\u00e9s de su sede electr\u00f3nica en\u00a0<a href=\"http:\/\/www.agpd.es\/\" target=\"_blank\" rel=\"noopener\">www.agpd.es<\/a>\u00a0Los modelos para la solicitud del ejercicio de sus derechos se encuentran en el apartado de Pol\u00edticas de Privacidad \/ derechos de nuestro sitio web, tambi\u00e9n podr\u00e1 solicit\u00e1rnoslos por escrito a la direcci\u00f3n del responsable e incluso podr\u00e1 obtenerlos en la sede electr\u00f3nica de la Autoridad de control en\u00a0<a href=\"http:\/\/www.agpd.es\/\" target=\"_blank\" rel=\"noopener\">www.agpd.es<\/a>\u00a0y deber\u00e1n ser remitidos a la direcci\u00f3n postal o electr\u00f3nica del responsable.<\/p>\n<div>\u00a0<\/div>\n\t\t\t\t\t\t\t\t<\/div>\n\t\t<div class=\"elementor-element elementor-element-07c37ed e-con-full e-flex e-con e-child\" data-id=\"07c37ed\" data-element_type=\"container\" data-e-type=\"container\">\n\t\t\t\t<div class=\"elementor-element elementor-element-fb32174 boton-3 elementor-widget elementor-widget-button\" data-id=\"fb32174\" data-element_type=\"widget\" data-e-type=\"widget\" data-widget_type=\"button.default\">\n\t\t\t\t\t\t\t\t\t\t<a class=\"elementor-button elementor-button-link elementor-size-sm\" href=\"https:\/\/hosting171989eu-cp7036.wordpresstemporal.com\/pt-br\/politicas-de-privacidad\/\" target=\"_blank\" rel=\"noopener\">\n\t\t\t\t\t\t<span class=\"elementor-button-content-wrapper\">\n\t\t\t\t\t\t\t\t\t<span class=\"elementor-button-text\">VOLVER A POL\u00cdTICAS DE PRIVACIDAD<\/span>\n\t\t\t\t\t<\/span>\n\t\t\t\t\t<\/a>\n\t\t\t\t\t\t\t\t<\/div>\n\t\t\t\t<\/div>\n\t\t\t\t<\/div>\n\t\t\t\t<\/div>\n\t\t\t\t<\/div>\n\t\t\t\t\t<\/div>\n\t\t\t\t<\/div>\n\t\t\n<\/div>\n\t\t<\/div>\n\t\t","protected":false},"excerpt":{"rendered":"<p>Canal de denuncias INFORMACI\u00d3N AMPLIADA SOBRE PROTECCI\u00d3N DE DATOS. Reglamento (UE) 2016\/679 del 27 de abril 2016) (LOPD-GDD 3\/2018 de 5 de diciembre ACTIVIDAD DE TRATAMIENTO CANAL DE DENUNCIAS INTERNO \u00bfQui\u00e9n es el responsable del tratamiento de sus datos personales? Raz\u00f3n Social: ODILO TID S.L. CIF: B30856439 Direcci\u00f3n Postal: AVDA. DE LUXEMBURGO SN. Centro Empresarial [&hellip;]<\/p>\n","protected":false},"author":5,"featured_media":0,"parent":0,"menu_order":0,"comment_status":"closed","ping_status":"closed","template":"","meta":{"footnotes":""},"class_list":["post-14131","page","type-page","status-publish","hentry"],"_links":{"self":[{"href":"https:\/\/letmino.ai\/pt-br\/wp-json\/wp\/v2\/pages\/14131","targetHints":{"allow":["GET"]}}],"collection":[{"href":"https:\/\/letmino.ai\/pt-br\/wp-json\/wp\/v2\/pages"}],"about":[{"href":"https:\/\/letmino.ai\/pt-br\/wp-json\/wp\/v2\/types\/page"}],"author":[{"embeddable":true,"href":"https:\/\/letmino.ai\/pt-br\/wp-json\/wp\/v2\/users\/5"}],"replies":[{"embeddable":true,"href":"https:\/\/letmino.ai\/pt-br\/wp-json\/wp\/v2\/comments?post=14131"}],"version-history":[{"count":2,"href":"https:\/\/letmino.ai\/pt-br\/wp-json\/wp\/v2\/pages\/14131\/revisions"}],"predecessor-version":[{"id":18680,"href":"https:\/\/letmino.ai\/pt-br\/wp-json\/wp\/v2\/pages\/14131\/revisions\/18680"}],"wp:attachment":[{"href":"https:\/\/letmino.ai\/pt-br\/wp-json\/wp\/v2\/media?parent=14131"}],"curies":[{"name":"wp","href":"https:\/\/api.w.org\/{rel}","templated":true}]}}